{"id":247,"date":"2020-03-05T11:34:16","date_gmt":"2020-03-05T11:34:16","guid":{"rendered":"https:\/\/blog.vera.es\/cuentacontigo\/?page_id=247"},"modified":"2020-05-06T09:48:44","modified_gmt":"2020-05-06T09:48:44","slug":"actos-vandalicos","status":"publish","type":"page","link":"https:\/\/blog.vera.es\/cuentacontigo\/actos-vandalicos\/","title":{"rendered":"Actos vand\u00e1licos"},"content":{"rendered":"<p>[et_pb_section fb_built=\u00bb1&#8243; _builder_version=\u00bb4.2.2&#8243; background_color=\u00bb#2c2f4f\u00bb min_height=\u00bb166px\u00bb custom_padding=\u00bb33px||22px|||\u00bb][et_pb_row _builder_version=\u00bb4.2.2&#8243; custom_margin=\u00bb11px|auto||auto||\u00bb][et_pb_column type=\u00bb4_4&#8243; _builder_version=\u00bb4.2.2&#8243;][et_pb_text _builder_version=\u00bb4.2.2&#8243; text_font=\u00bbWork Sans|600|||||||\u00bb text_text_color=\u00bb#ffffff\u00bb text_font_size=\u00bb44px\u00bb text_orientation=\u00bbcenter\u00bb custom_padding=\u00bb||1px|||\u00bb]<\/p>\n<p><strong>Actos vand\u00e1licos<\/strong><\/p>\n<p>[\/et_pb_text][\/et_pb_column][\/et_pb_row][\/et_pb_section][et_pb_section fb_built=\u00bb1&#8243; _builder_version=\u00bb4.2.2&#8243; background_color=\u00bb#699b9b\u00bb][et_pb_row column_structure=\u00bb1_2,1_2&#8243; _builder_version=\u00bb4.2.2&#8243;][et_pb_column type=\u00bb1_2&#8243; _builder_version=\u00bb4.2.2&#8243;][et_pb_image src=\u00bbhttps:\/\/blog.vera.es\/cuentacontigo\/wp-content\/uploads\/sites\/16\/2020\/03\/actos-vandalicos-grande.png\u00bb align=\u00bbcenter\u00bb _builder_version=\u00bb4.2.2&#8243;][\/et_pb_image][\/et_pb_column][et_pb_column type=\u00bb1_2&#8243; _builder_version=\u00bb4.2.2&#8243;][et_pb_text _builder_version=\u00bb4.2.2&#8243; text_font=\u00bbWork Sans||||||||\u00bb text_text_color=\u00bb#ffffff\u00bb text_font_size=\u00bb16px\u00bb text_line_height=\u00bb1.73em\u00bb header_text_color=\u00bb#ffffff\u00bb header_line_height=\u00bb1.2em\u00bb]<\/p>\n<h1><strong>\u00a0#HazTuParte<\/strong> contra los<br \/> actos vand\u00e1licos.<\/h1>\n<p>&nbsp;<\/p>\n<p>\u2192 Quedan prohibidas las <strong>conductas agresivas o inadecuadas en el uso del espacio y mobiliario urbanos<\/strong> que puedan generar deterioro de los bienes p\u00fablicos o privados.<\/p>\n<p>\u2192 Est\u00e1n especialmente prohibidos los actos que puedan<br \/> considerarse vand\u00e1licos, como <strong>causar destrozos en los espacios p\u00fablicos o de sus instalaciones o elementos<\/strong>, sean muebles o inmuebles.<\/p>\n<p>\u2192 No se permite <strong>el ba\u00f1o introduci\u00e9ndose en fuentes, estanques, lagos y similares<\/strong>, ni lavar o arrojar en ellos ning\u00fan tipo de objeto.<\/p>\n<p>\u2192 Queda prohibida, calific\u00e1ndose como de especial gravedad,\u00a0toda manipulaci\u00f3n no autorizada sobre elementos sitos o pertenecientes a las zonas verdes del municipio, y que supone un inexcusable desprecio hacia unos espacios especialmente dispuestos para el disfrute ciudadano. As\u00ed queda prohibido toda <strong>manipulaci\u00f3n maliciosa realizada sobre \u00e1rboles y plantas<\/strong>;\u00a0talar, arrancar o partir \u00e1rboles; pelar o arrancar sus cortezas;\u00a0el deterioro malintencionado del c\u00e9sped y zonas ajardinadas\u00a0ornamentales; el deterioro de estatuas mediante cualquier\u00a0acci\u00f3n sobre ellas que desmerezca su valor decorativo y\u00a0art\u00edstico; encender fuego salvo en lugares expresamente\u00a0autorizados y con las cautelas debidas; efectuar inscripciones\u00a0o pegar carteles en los cerramientos, elementos de mobiliario\u00a0urbano o en cualquier elemento existente en los parques\u00a0y jardines; la manipulaci\u00f3n y consiguiente deterioro de las\u00a0ca\u00f1er\u00edas o elementos de las fuentes; as\u00ed como cualquier acci\u00f3n\u00a0o conducta sobre los elementos del mobiliario all\u00ed existente,\u00a0incluidos los juegos infantiles, que los ensucie, perjudique o\u00a0deteriore mediante un uso que exceda del normal y adecuado.<\/p>\n<p><span style=\"font-size: 16px\">\u00a0<\/span><\/p>\n<p>[\/et_pb_text][et_pb_text _builder_version=\u00bb4.2.2&#8243; text_text_color=\u00bb#ffffff\u00bb header_text_color=\u00bb#ffffff\u00bb hover_enabled=\u00bb0&#8243; text_font=\u00bb|600|||||||\u00bb text_font_size=\u00bb22px\u00bb text_line_height=\u00bb1.4em\u00bb]<\/p>\n<h1><strong><img decoding=\"async\" src=\"https:\/\/blog.vera.es\/cuentacontigo\/wp-content\/uploads\/sites\/16\/2020\/03\/flechita-blanca.png\" width=\"24\" height=\"24\" alt=\"\" class=\"wp-image-92 alignnone size-full\" \/>\u00a0Acci\u00f3n sancionable:<\/strong><\/h1>\n<p><strong><\/strong><\/p>\n<p>El incumplimiento de la ordenanza puede acarrear sanciones de hasta 1500\u20ac.[\/et_pb_text][\/et_pb_column][\/et_pb_row][\/et_pb_section][et_pb_section fb_built=\u00bb1&#8243; _builder_version=\u00bb4.2.2&#8243; custom_margin=\u00bb-1px|||||\u00bb][et_pb_row _builder_version=\u00bb4.2.2&#8243;][et_pb_column type=\u00bb4_4&#8243; _builder_version=\u00bb4.2.2&#8243;][et_pb_text _builder_version=\u00bb4.2.2&#8243; text_font=\u00bbWork Sans|300|||||||\u00bb text_font_size=\u00bb28px\u00bb]<\/p>\n<p><img decoding=\"async\" src=\"https:\/\/blog.vera.es\/cuentacontigo\/wp-content\/uploads\/sites\/16\/2020\/02\/flecha-azul.png\" width=\"19\" height=\"27\" alt=\"\" class=\"wp-image-92 alignnone size-full\" \/>\u00a0Inf\u00f3rmate de todas las acciones sancionables:<\/p>\n<p>[\/et_pb_text][\/et_pb_column][\/et_pb_row][et_pb_row column_structure=\u00bb1_3,1_3,1_3&#8243; _builder_version=\u00bb4.2.2&#8243;][et_pb_column type=\u00bb1_3&#8243; _builder_version=\u00bb4.2.2&#8243;][et_pb_blurb url=\u00bbhttps:\/\/blog.vera.es\/cuentacontigo\/acampadas\/\u00bb image=\u00bbhttps:\/\/blog.vera.es\/cuentacontigo\/wp-content\/uploads\/sites\/16\/2020\/03\/acampada-peq.png\u00bb _builder_version=\u00bb4.2.2&#8243; body_font=\u00bbWork Sans|300|||||||\u00bb body_text_align=\u00bbcenter\u00bb body_text_color=\u00bb#ffffff\u00bb body_font_size=\u00bb26px\u00bb body_line_height=\u00bb1.2em\u00bb background_color=\u00bb#f0c356&#8243; custom_padding=\u00bb20px||30px||false|false\u00bb]<\/p>\n<p><strong>#HazTuParte<\/strong> de acampada<\/p>\n<p>[\/et_pb_blurb][\/et_pb_column][et_pb_column type=\u00bb1_3&#8243; _builder_version=\u00bb4.2.2&#8243;][et_pb_blurb url=\u00bbhttps:\/\/blog.vera.es\/cuentacontigo\/jardines\/\u00bb image=\u00bbhttps:\/\/blog.vera.es\/cuentacontigo\/wp-content\/uploads\/sites\/16\/2020\/03\/jardines-peq.png\u00bb _builder_version=\u00bb4.2.2&#8243; body_font=\u00bbWork Sans|300|||||||\u00bb body_text_align=\u00bbcenter\u00bb body_text_color=\u00bb#ffffff\u00bb body_font_size=\u00bb26px\u00bb body_line_height=\u00bb1.2em\u00bb background_color=\u00bb#c66d1e\u00bb custom_padding=\u00bb20px||30px||false|false\u00bb]<\/p>\n<p><strong>#HazTuParte<\/strong> <br \/>con tu jard\u00edn<\/p>\n<p>[\/et_pb_blurb][\/et_pb_column][et_pb_column type=\u00bb1_3&#8243; _builder_version=\u00bb4.2.2&#8243;][et_pb_blurb url=\u00bbhttps:\/\/blog.vera.es\/cuentacontigo\/enseres-2\/\u00bb image=\u00bbhttps:\/\/blog.vera.es\/cuentacontigo\/wp-content\/uploads\/sites\/16\/2020\/03\/basura-peq.png\u00bb _builder_version=\u00bb4.2.2&#8243; body_font=\u00bbWork Sans|300|||||||\u00bb body_text_align=\u00bbcenter\u00bb body_text_color=\u00bb#ffffff\u00bb body_font_size=\u00bb26px\u00bb body_line_height=\u00bb1.2em\u00bb background_color=\u00bb#c3513d\u00bb custom_padding=\u00bb20px||30px||false|false\u00bb]<\/p>\n<p><strong>#HazTuParte<\/strong>\u00a0con tus enseres<\/p>\n<p>[\/et_pb_blurb][\/et_pb_column][\/et_pb_row][\/et_pb_section]<\/p>\n","protected":false},"excerpt":{"rendered":"<p>[et_pb_section fb_built=\u00bb1&#8243; _builder_version=\u00bb4.2.2&#8243; background_color=\u00bb#2c2f4f\u00bb min_height=\u00bb166px\u00bb custom_padding=\u00bb33px||22px|||\u00bb][et_pb_row _builder_version=\u00bb4.2.2&#8243; custom_margin=\u00bb11px|auto||auto||\u00bb][et_pb_column type=\u00bb4_4&#8243; _builder_version=\u00bb4.2.2&#8243;][et_pb_text _builder_version=\u00bb4.2.2&#8243; text_font=\u00bbWork Sans|600|||||||\u00bb text_text_color=\u00bb#ffffff\u00bb text_font_size=\u00bb44px\u00bb text_orientation=\u00bbcenter\u00bb custom_padding=\u00bb||1px|||\u00bb] Actos vand\u00e1licos [\/et_pb_text][\/et_pb_column][\/et_pb_row][\/et_pb_section][et_pb_section fb_built=\u00bb1&#8243; _builder_version=\u00bb4.2.2&#8243; background_color=\u00bb#699b9b\u00bb][et_pb_row column_structure=\u00bb1_2,1_2&#8243; _builder_version=\u00bb4.2.2&#8243;][et_pb_column type=\u00bb1_2&#8243; _builder_version=\u00bb4.2.2&#8243;][et_pb_image src=\u00bbhttps:\/\/blog.vera.es\/cuentacontigo\/wp-content\/uploads\/sites\/16\/2020\/03\/actos-vandalicos-grande.png\u00bb align=\u00bbcenter\u00bb _builder_version=\u00bb4.2.2&#8243;][\/et_pb_image][\/et_pb_column][et_pb_column type=\u00bb1_2&#8243; _builder_version=\u00bb4.2.2&#8243;][et_pb_text _builder_version=\u00bb4.2.2&#8243; text_font=\u00bbWork Sans||||||||\u00bb text_text_color=\u00bb#ffffff\u00bb text_font_size=\u00bb16px\u00bb text_line_height=\u00bb1.73em\u00bb header_text_color=\u00bb#ffffff\u00bb header_line_height=\u00bb1.2em\u00bb] \u00a0#HazTuParte contra los actos vand\u00e1licos. &nbsp; \u2192 Quedan prohibidas las conductas agresivas o inadecuadas en [&hellip;]<\/p>\n","protected":false},"author":34,"featured_media":0,"parent":0,"menu_order":0,"comment_status":"closed","ping_status":"closed","template":"","meta":{"_et_pb_use_builder":"on","_et_pb_old_content":"","_et_gb_content_width":"","footnotes":""},"class_list":["post-247","page","type-page","status-publish","hentry"],"_links":{"self":[{"href":"https:\/\/blog.vera.es\/cuentacontigo\/wp-json\/wp\/v2\/pages\/247","targetHints":{"allow":["GET"]}}],"collection":[{"href":"https:\/\/blog.vera.es\/cuentacontigo\/wp-json\/wp\/v2\/pages"}],"about":[{"href":"https:\/\/blog.vera.es\/cuentacontigo\/wp-json\/wp\/v2\/types\/page"}],"author":[{"embeddable":true,"href":"https:\/\/blog.vera.es\/cuentacontigo\/wp-json\/wp\/v2\/users\/34"}],"replies":[{"embeddable":true,"href":"https:\/\/blog.vera.es\/cuentacontigo\/wp-json\/wp\/v2\/comments?post=247"}],"version-history":[{"count":9,"href":"https:\/\/blog.vera.es\/cuentacontigo\/wp-json\/wp\/v2\/pages\/247\/revisions"}],"predecessor-version":[{"id":414,"href":"https:\/\/blog.vera.es\/cuentacontigo\/wp-json\/wp\/v2\/pages\/247\/revisions\/414"}],"wp:attachment":[{"href":"https:\/\/blog.vera.es\/cuentacontigo\/wp-json\/wp\/v2\/media?parent=247"}],"curies":[{"name":"wp","href":"https:\/\/api.w.org\/{rel}","templated":true}]}}