{"id":135,"date":"2020-03-05T09:50:11","date_gmt":"2020-03-05T09:50:11","guid":{"rendered":"https:\/\/blog.vera.es\/cuentacontigo\/?page_id=135"},"modified":"2020-05-06T09:54:44","modified_gmt":"2020-05-06T09:54:44","slug":"jardines","status":"publish","type":"page","link":"https:\/\/blog.vera.es\/cuentacontigo\/jardines\/","title":{"rendered":"Jardines"},"content":{"rendered":"<p>[et_pb_section fb_built=\u00bb1&#8243; _builder_version=\u00bb4.2.2&#8243; background_color=\u00bb#2c2f4f\u00bb min_height=\u00bb166px\u00bb custom_padding=\u00bb33px||22px|||\u00bb][et_pb_row _builder_version=\u00bb4.2.2&#8243; custom_margin=\u00bb11px|auto||auto||\u00bb][et_pb_column type=\u00bb4_4&#8243; _builder_version=\u00bb4.2.2&#8243;][et_pb_text _builder_version=\u00bb4.2.2&#8243; text_font=\u00bbWork Sans|600|||||||\u00bb text_text_color=\u00bb#ffffff\u00bb text_font_size=\u00bb44px\u00bb text_orientation=\u00bbcenter\u00bb]<\/p>\n<p><strong>Jardines<\/strong><\/p>\n<p>[\/et_pb_text][\/et_pb_column][\/et_pb_row][\/et_pb_section][et_pb_section fb_built=\u00bb1&#8243; _builder_version=\u00bb4.2.2&#8243; background_color=\u00bb#D7822A\u00bb][et_pb_row column_structure=\u00bb1_2,1_2&#8243; _builder_version=\u00bb4.2.2&#8243; custom_padding=\u00bb||27px|||\u00bb][et_pb_column type=\u00bb1_2&#8243; _builder_version=\u00bb4.2.2&#8243;][et_pb_image src=\u00bbhttps:\/\/blog.vera.es\/cuentacontigo\/wp-content\/uploads\/sites\/16\/2020\/02\/espacios-publicos.png\u00bb align=\u00bbcenter\u00bb _builder_version=\u00bb4.2.2&#8243;][\/et_pb_image][\/et_pb_column][et_pb_column type=\u00bb1_2&#8243; _builder_version=\u00bb4.2.2&#8243;][et_pb_text _builder_version=\u00bb4.2.2&#8243; text_font=\u00bbWork Sans||||||||\u00bb text_text_color=\u00bb#ffffff\u00bb text_font_size=\u00bb16px\u00bb text_line_height=\u00bb1.73em\u00bb header_text_color=\u00bb#ffffff\u00bb header_line_height=\u00bb1.2em\u00bb]<\/p>\n<h1><strong>#HazTuParte<\/strong> y evita que tu<br \/> jard\u00edn invada la v\u00eda p\u00fablica.<\/h1>\n<p>&nbsp;<\/p>\n<p>Queda prohibido que la vegetaci\u00f3n de fincas y solares de<br \/> propiedad privada invada la v\u00eda p\u00fablica, por cuanto este<br \/> hecho, adem\u00e1s de ensuciar las aceras, tambi\u00e9n dificulta<br \/> la movilidad y los peatones, en algunos casos, tienen que<br \/> transitar por la calzada con el correspondiente peligro.<span style=\"font-size: 16px\">\u00a0<\/span><\/p>\n<p>[\/et_pb_text][et_pb_divider color=\u00bb#ffffff\u00bb _builder_version=\u00bb4.2.2&#8243;][\/et_pb_divider][et_pb_text _builder_version=\u00bb4.2.2&#8243; text_font=\u00bb|700|||||||\u00bb text_text_color=\u00bb#ffffff\u00bb text_font_size=\u00bb23px\u00bb text_line_height=\u00bb1.3em\u00bb header_text_color=\u00bb#ffffff\u00bb]<\/p>\n<h1><strong><img decoding=\"async\" src=\"https:\/\/blog.vera.es\/cuentacontigo\/wp-content\/uploads\/sites\/16\/2020\/03\/flechita-blanca.png\" width=\"24\" height=\"24\" alt=\"\" class=\"wp-image-92 alignnone size-full\" \/>\u00a0Acci\u00f3n sancionable:<\/strong><\/h1>\n<p><strong><\/strong><\/p>\n<p>El incumplimiento de la ordenanza puede acarrear sanciones de hasta 300\u20ac.[\/et_pb_text][\/et_pb_column][\/et_pb_row][\/et_pb_section][et_pb_section fb_built=\u00bb1&#8243; _builder_version=\u00bb4.2.2&#8243;][et_pb_row _builder_version=\u00bb4.2.2&#8243;][et_pb_column type=\u00bb4_4&#8243; _builder_version=\u00bb4.2.2&#8243;][et_pb_text _builder_version=\u00bb4.2.2&#8243; text_font=\u00bbWork Sans|300|||||||\u00bb text_font_size=\u00bb28px\u00bb]<\/p>\n<p><img decoding=\"async\" src=\"https:\/\/blog.vera.es\/cuentacontigo\/wp-content\/uploads\/sites\/16\/2020\/02\/flecha-azul.png\" width=\"19\" height=\"27\" alt=\"\" class=\"wp-image-92 alignnone size-full\" \/>\u00a0Inf\u00f3rmate de todas las acciones sancionables:<\/p>\n<p>[\/et_pb_text][\/et_pb_column][\/et_pb_row][et_pb_row column_structure=\u00bb1_3,1_3,1_3&#8243; _builder_version=\u00bb4.2.2&#8243;][et_pb_column type=\u00bb1_3&#8243; _builder_version=\u00bb4.2.2&#8243;][et_pb_blurb url=\u00bbhttps:\/\/blog.vera.es\/cuentacontigo\/acampadas\/\u00bb image=\u00bbhttps:\/\/blog.vera.es\/cuentacontigo\/wp-content\/uploads\/sites\/16\/2020\/03\/acampada-peq.png\u00bb _builder_version=\u00bb4.2.2&#8243; body_font=\u00bbWork Sans|300|||||||\u00bb body_text_align=\u00bbcenter\u00bb body_text_color=\u00bb#ffffff\u00bb body_font_size=\u00bb26px\u00bb body_line_height=\u00bb1.2em\u00bb background_color=\u00bb#f0c356&#8243; custom_padding=\u00bb20px||30px||false|false\u00bb]<\/p>\n<p><strong>#HazTuParte<\/strong> de acampada<\/p>\n<p>[\/et_pb_blurb][\/et_pb_column][et_pb_column type=\u00bb1_3&#8243; _builder_version=\u00bb4.2.2&#8243;][et_pb_blurb url=\u00bbhttps:\/\/blog.vera.es\/cuentacontigo\/basura-2\/\u00bb image=\u00bbhttps:\/\/blog.vera.es\/cuentacontigo\/wp-content\/uploads\/sites\/16\/2020\/02\/basura-peq-1.png\u00bb _builder_version=\u00bb4.2.2&#8243; body_font=\u00bbWork Sans|300|||||||\u00bb body_text_align=\u00bbcenter\u00bb body_text_color=\u00bb#ffffff\u00bb body_font_size=\u00bb26px\u00bb body_line_height=\u00bb1.2em\u00bb background_color=\u00bb#b6c8de\u00bb custom_padding=\u00bb20px||30px||false|false\u00bb]<\/p>\n<p><strong>#HazTuParte<\/strong> con tus desperdicios<\/p>\n<p>[\/et_pb_blurb][\/et_pb_column][et_pb_column type=\u00bb1_3&#8243; _builder_version=\u00bb4.2.2&#8243;][et_pb_blurb url=\u00bbhttps:\/\/blog.vera.es\/cuentacontigo\/enseres-2\/\u00bb image=\u00bbhttps:\/\/blog.vera.es\/cuentacontigo\/wp-content\/uploads\/sites\/16\/2020\/03\/basura-peq.png\u00bb _builder_version=\u00bb4.2.2&#8243; body_font=\u00bbWork Sans|300|||||||\u00bb body_text_align=\u00bbcenter\u00bb body_text_color=\u00bb#ffffff\u00bb body_font_size=\u00bb26px\u00bb body_line_height=\u00bb1.2em\u00bb background_color=\u00bb#c3513d\u00bb custom_padding=\u00bb20px||30px||false|false\u00bb]<\/p>\n<p><strong>#HazTuParte<\/strong>\u00a0con tus enseres<\/p>\n<p>[\/et_pb_blurb][\/et_pb_column][\/et_pb_row][\/et_pb_section]<\/p>\n","protected":false},"excerpt":{"rendered":"<p>[et_pb_section fb_built=\u00bb1&#8243; _builder_version=\u00bb4.2.2&#8243; background_color=\u00bb#2c2f4f\u00bb min_height=\u00bb166px\u00bb custom_padding=\u00bb33px||22px|||\u00bb][et_pb_row _builder_version=\u00bb4.2.2&#8243; custom_margin=\u00bb11px|auto||auto||\u00bb][et_pb_column type=\u00bb4_4&#8243; _builder_version=\u00bb4.2.2&#8243;][et_pb_text _builder_version=\u00bb4.2.2&#8243; text_font=\u00bbWork Sans|600|||||||\u00bb text_text_color=\u00bb#ffffff\u00bb text_font_size=\u00bb44px\u00bb text_orientation=\u00bbcenter\u00bb] Jardines [\/et_pb_text][\/et_pb_column][\/et_pb_row][\/et_pb_section][et_pb_section fb_built=\u00bb1&#8243; _builder_version=\u00bb4.2.2&#8243; background_color=\u00bb#D7822A\u00bb][et_pb_row column_structure=\u00bb1_2,1_2&#8243; _builder_version=\u00bb4.2.2&#8243; custom_padding=\u00bb||27px|||\u00bb][et_pb_column type=\u00bb1_2&#8243; _builder_version=\u00bb4.2.2&#8243;][et_pb_image src=\u00bbhttps:\/\/blog.vera.es\/cuentacontigo\/wp-content\/uploads\/sites\/16\/2020\/02\/espacios-publicos.png\u00bb align=\u00bbcenter\u00bb _builder_version=\u00bb4.2.2&#8243;][\/et_pb_image][\/et_pb_column][et_pb_column type=\u00bb1_2&#8243; _builder_version=\u00bb4.2.2&#8243;][et_pb_text _builder_version=\u00bb4.2.2&#8243; text_font=\u00bbWork Sans||||||||\u00bb text_text_color=\u00bb#ffffff\u00bb text_font_size=\u00bb16px\u00bb text_line_height=\u00bb1.73em\u00bb header_text_color=\u00bb#ffffff\u00bb header_line_height=\u00bb1.2em\u00bb] #HazTuParte y evita que tu jard\u00edn invada la v\u00eda p\u00fablica. &nbsp; Queda prohibido que la vegetaci\u00f3n [&hellip;]<\/p>\n","protected":false},"author":34,"featured_media":0,"parent":0,"menu_order":0,"comment_status":"closed","ping_status":"closed","template":"","meta":{"_et_pb_use_builder":"on","_et_pb_old_content":"","_et_gb_content_width":"","footnotes":""},"class_list":["post-135","page","type-page","status-publish","hentry"],"_links":{"self":[{"href":"https:\/\/blog.vera.es\/cuentacontigo\/wp-json\/wp\/v2\/pages\/135","targetHints":{"allow":["GET"]}}],"collection":[{"href":"https:\/\/blog.vera.es\/cuentacontigo\/wp-json\/wp\/v2\/pages"}],"about":[{"href":"https:\/\/blog.vera.es\/cuentacontigo\/wp-json\/wp\/v2\/types\/page"}],"author":[{"embeddable":true,"href":"https:\/\/blog.vera.es\/cuentacontigo\/wp-json\/wp\/v2\/users\/34"}],"replies":[{"embeddable":true,"href":"https:\/\/blog.vera.es\/cuentacontigo\/wp-json\/wp\/v2\/comments?post=135"}],"version-history":[{"count":7,"href":"https:\/\/blog.vera.es\/cuentacontigo\/wp-json\/wp\/v2\/pages\/135\/revisions"}],"predecessor-version":[{"id":422,"href":"https:\/\/blog.vera.es\/cuentacontigo\/wp-json\/wp\/v2\/pages\/135\/revisions\/422"}],"wp:attachment":[{"href":"https:\/\/blog.vera.es\/cuentacontigo\/wp-json\/wp\/v2\/media?parent=135"}],"curies":[{"name":"wp","href":"https:\/\/api.w.org\/{rel}","templated":true}]}}