{"id":2,"date":"2020-11-16T12:21:37","date_gmt":"2020-11-16T12:21:37","guid":{"rendered":"https:\/\/blog.vera.es\/belenmunicipal\/?page_id=2"},"modified":"2022-12-16T06:35:46","modified_gmt":"2022-12-16T06:35:46","slug":"pagina-ejemplo","status":"publish","type":"page","link":"https:\/\/blog.vera.es\/belenmunicipal\/","title":{"rendered":"Bienvenidos al Bel\u00e9n Municipal de Vera"},"content":{"rendered":"\n<p>La Concejal\u00eda de Cultura del Ayuntamiento de Vera ha puesto en marcha, un a\u00f1o m\u00e1s la elaboraci\u00f3n del Bel\u00e9n Municipal ubicado en el Convento de la Victoria. Una obra de arte realizada de forma artesanal por el reconocido belenista veratense Antonio de Haro M\u00e1rquez, con la colaboraci\u00f3n de Jos\u00e9 Manuel de Haro P\u00e9rez.<\/p>\n\n\n\n<p>El dise\u00f1o escenogr\u00e1fico de este a\u00f1o se compone de seis escenas que representan Nazaret y cuenta con unas 250 figuras modeladas por maestros artesanos como Jose Luis Mayo, Joaqu\u00edn P\u00e9rez, Montserrat Ribes, \u00c1ngeles C\u00e1mara, Carlos Cuenca y los hermanos Cerrada, entre otros.<\/p>\n\n\n\n<p>Las escenas que podr\u00e1n ver en las diferentes capillas son: la Anunciaci\u00f3n a la Virgen con San Jos\u00e9 en la carpinter\u00eda, la Anunciaci\u00f3n del \u00c1ngel a los pastores con un gui\u00f1o a la cer\u00e1mica t\u00edpica de Vera y su alfarer\u00eda moruna, la ciudad de Bel\u00e9n, pidiendo posada San Jos\u00e9 y Mar\u00eda, la gruta con el Nacimiento, la salida de los Reyes Magos del castillo de Herodes cruzando un espectacular puente sobre el r\u00edo; y la huida a Egipto de San Jos\u00e9, Mar\u00eda y el Ni\u00f1o Jes\u00fas.<\/p>\n\n\n\n<p>El Bel\u00e9n se podr\u00e1 visitar siguiendo un recorrido con entrada y salida diferenciadas para evitar que se puedan cruzar los ciudadanos, garantizando as\u00ed el cumplimiento de las medidas de seguridad.<\/p>\n\n\n\n<p><strong>Feliz Navidad<\/strong><\/p>\n\n\n\n<div class=\"wp-block-columns is-layout-flex wp-container-core-columns-is-layout-9d6595d7 wp-block-columns-is-layout-flex\">\n<div class=\"wp-block-column is-layout-flow wp-block-column-is-layout-flow\" style=\"flex-basis:100%\">\n<div class=\"wp-block-group\"><div class=\"wp-block-group__inner-container is-layout-flow wp-block-group-is-layout-flow\">\n<figure class=\"wp-block-embed is-type-rich is-provider-gestor-del-servicio wp-block-embed-gestor-del-servicio wp-embed-aspect-16-9 wp-has-aspect-ratio\"><div class=\"wp-block-embed__wrapper\">\n<iframe title=\"Bel\u00e9n Monumental\" width=\"660\" height=\"371\" src=\"https:\/\/www.youtube.com\/embed\/1kPNFyRrXrM?feature=oembed\" frameborder=\"0\" allow=\"accelerometer; autoplay; clipboard-write; encrypted-media; gyroscope; picture-in-picture; web-share\" referrerpolicy=\"strict-origin-when-cross-origin\" allowfullscreen><\/iframe>\n<\/div><\/figure>\n<\/div><\/div>\n<\/div>\n<\/div>\n\n\n\n<div class=\"wp-block-group\"><div class=\"wp-block-group__inner-container is-layout-flow wp-block-group-is-layout-flow\">\n<figure class=\"wp-block-image size-large\"><img fetchpriority=\"high\" decoding=\"async\" width=\"1024\" height=\"1024\" src=\"https:\/\/blog.vera.es\/belenmunicipal\/wp-content\/uploads\/sites\/17\/2021\/02\/1-1024x1024.jpg\" alt=\"\" class=\"wp-image-144\" srcset=\"https:\/\/blog.vera.es\/belenmunicipal\/wp-content\/uploads\/sites\/17\/2021\/02\/1-1024x1024.jpg 1024w, https:\/\/blog.vera.es\/belenmunicipal\/wp-content\/uploads\/sites\/17\/2021\/02\/1-300x300.jpg 300w, https:\/\/blog.vera.es\/belenmunicipal\/wp-content\/uploads\/sites\/17\/2021\/02\/1-150x150.jpg 150w, https:\/\/blog.vera.es\/belenmunicipal\/wp-content\/uploads\/sites\/17\/2021\/02\/1-768x768.jpg 768w\" sizes=\"(max-width: 1024px) 100vw, 1024px\" \/><figcaption class=\"wp-element-caption\">Autor del Bel\u00e9n, Antonio de Haro; Alcalde de Vera, Jos\u00e9 Carmelo Jorge Blanco; concejal de Cultura, Mar\u00eda Manuela Caparr\u00f3s; Diputado Provincial de Cultura, Manuel Guzm\u00e1n, junto a una de las escenas durante la inauguraci\u00f3n del Bel\u00e9n Municipal.<\/figcaption><\/figure>\n\n\n\n<figure class=\"wp-block-image size-large\"><img decoding=\"async\" width=\"1024\" height=\"1024\" src=\"https:\/\/blog.vera.es\/belenmunicipal\/wp-content\/uploads\/sites\/17\/2021\/02\/2-1024x1024.jpg\" alt=\"\" class=\"wp-image-145\" srcset=\"https:\/\/blog.vera.es\/belenmunicipal\/wp-content\/uploads\/sites\/17\/2021\/02\/2-1024x1024.jpg 1024w, https:\/\/blog.vera.es\/belenmunicipal\/wp-content\/uploads\/sites\/17\/2021\/02\/2-300x300.jpg 300w, https:\/\/blog.vera.es\/belenmunicipal\/wp-content\/uploads\/sites\/17\/2021\/02\/2-150x150.jpg 150w, https:\/\/blog.vera.es\/belenmunicipal\/wp-content\/uploads\/sites\/17\/2021\/02\/2-768x768.jpg 768w\" sizes=\"(max-width: 1024px) 100vw, 1024px\" \/><figcaption class=\"wp-element-caption\">Entrega de reconocimiento institucional por parte de la concejal de Cultura, Mar\u00eda Manuela Caparr\u00f3s; el Alcalde de Vera, Jos\u00e9 Carmelo Jorge Blanco; y el Diputado Provincial de Cultura, Manuel Guzm\u00e1n, al autor del Bel\u00e9n, Antonio de Haro y a su esposa Juana Mari P\u00e9rez.<\/figcaption><\/figure>\n\n\n\n<figure class=\"wp-block-image size-large\"><img decoding=\"async\" width=\"1024\" height=\"1024\" src=\"https:\/\/blog.vera.es\/belenmunicipal\/wp-content\/uploads\/sites\/17\/2021\/02\/3-1024x1024.jpg\" alt=\"\" class=\"wp-image-146\" srcset=\"https:\/\/blog.vera.es\/belenmunicipal\/wp-content\/uploads\/sites\/17\/2021\/02\/3-1024x1024.jpg 1024w, https:\/\/blog.vera.es\/belenmunicipal\/wp-content\/uploads\/sites\/17\/2021\/02\/3-300x300.jpg 300w, https:\/\/blog.vera.es\/belenmunicipal\/wp-content\/uploads\/sites\/17\/2021\/02\/3-150x150.jpg 150w, https:\/\/blog.vera.es\/belenmunicipal\/wp-content\/uploads\/sites\/17\/2021\/02\/3-768x768.jpg 768w\" sizes=\"(max-width: 1024px) 100vw, 1024px\" \/><figcaption class=\"wp-element-caption\">Miembros de la Corporaci\u00f3n Municipal, junto con el autor del Bel\u00e9n y el Diputado Provincial de Cultura posando junto a la maqueta representativa de la Plaza Mayor y el Cerro del Esp\u00edritu Santo de Vera ambientada en los a\u00f1os 60, que realiz\u00f3 Antonio de Haro en 2018 con motivo del V Centenario del Terremoto de Vera, y que ha donado al ayuntamiento, quedado expuesta permanentemente en el Convento de la Victoria.<\/figcaption><\/figure>\n\n\n\n<figure class=\"wp-block-image size-large\"><img loading=\"lazy\" decoding=\"async\" width=\"2336\" height=\"1752\" src=\"https:\/\/blog.vera.es\/belenmunicipal\/wp-content\/uploads\/sites\/17\/2021\/02\/4-1024x1024.jpg\" alt=\"\" class=\"wp-image-147\" srcset=\"https:\/\/blog.vera.es\/belenmunicipal\/wp-content\/uploads\/sites\/17\/2021\/02\/4-1536x1152.jpg 1536w, https:\/\/blog.vera.es\/belenmunicipal\/wp-content\/uploads\/sites\/17\/2021\/02\/4-2048x1536.jpg 2048w\" sizes=\"(max-width: 2336px) 100vw, 2336px\" \/><figcaption class=\"wp-element-caption\">Escena 1 del Bel\u00e9n: NAZARET con la anunciaci\u00f3n del \u00e1ngel a Mar\u00eda, con San Jos\u00e9 en la carpinter\u00eda.<\/figcaption><\/figure>\n\n\n\n<figure class=\"wp-block-image size-large\"><img loading=\"lazy\" decoding=\"async\" width=\"1024\" height=\"1024\" src=\"https:\/\/blog.vera.es\/belenmunicipal\/wp-content\/uploads\/sites\/17\/2021\/02\/5-1024x1024.jpg\" alt=\"\" class=\"wp-image-148\" srcset=\"https:\/\/blog.vera.es\/belenmunicipal\/wp-content\/uploads\/sites\/17\/2021\/02\/5-1024x1024.jpg 1024w, https:\/\/blog.vera.es\/belenmunicipal\/wp-content\/uploads\/sites\/17\/2021\/02\/5-300x300.jpg 300w, https:\/\/blog.vera.es\/belenmunicipal\/wp-content\/uploads\/sites\/17\/2021\/02\/5-150x150.jpg 150w, https:\/\/blog.vera.es\/belenmunicipal\/wp-content\/uploads\/sites\/17\/2021\/02\/5-768x768.jpg 768w\" sizes=\"(max-width: 1024px) 100vw, 1024px\" \/><figcaption class=\"wp-element-caption\">Escena 2 del Bel\u00e9n: ANUNCIACI\u00d3N DEL \u00c1NGEL A LOS PASTORES, con un gui\u00f1o a la cer\u00e1mica t\u00edpica de Vera y su alfarer\u00eda moruna.<\/figcaption><\/figure>\n\n\n\n<figure class=\"wp-block-image size-large\"><img loading=\"lazy\" decoding=\"async\" width=\"1024\" height=\"1024\" src=\"https:\/\/blog.vera.es\/belenmunicipal\/wp-content\/uploads\/sites\/17\/2021\/02\/6-1024x1024.jpg\" alt=\"\" class=\"wp-image-149\" srcset=\"https:\/\/blog.vera.es\/belenmunicipal\/wp-content\/uploads\/sites\/17\/2021\/02\/6-1024x1024.jpg 1024w, https:\/\/blog.vera.es\/belenmunicipal\/wp-content\/uploads\/sites\/17\/2021\/02\/6-300x300.jpg 300w, https:\/\/blog.vera.es\/belenmunicipal\/wp-content\/uploads\/sites\/17\/2021\/02\/6-150x150.jpg 150w, https:\/\/blog.vera.es\/belenmunicipal\/wp-content\/uploads\/sites\/17\/2021\/02\/6-768x768.jpg 768w\" sizes=\"(max-width: 1024px) 100vw, 1024px\" \/><figcaption class=\"wp-element-caption\">Escena 3 del Bel\u00e9n: San Jos\u00e9 y Mar\u00eda PIDIENDO POSADA EN LA CIUDAD DE BEL\u00c9N.<\/figcaption><\/figure>\n\n\n\n<figure class=\"wp-block-image size-large\"><img loading=\"lazy\" decoding=\"async\" width=\"1024\" height=\"1024\" src=\"https:\/\/blog.vera.es\/belenmunicipal\/wp-content\/uploads\/sites\/17\/2021\/02\/7-1024x1024.jpg\" alt=\"\" class=\"wp-image-150\" srcset=\"https:\/\/blog.vera.es\/belenmunicipal\/wp-content\/uploads\/sites\/17\/2021\/02\/7-1024x1024.jpg 1024w, https:\/\/blog.vera.es\/belenmunicipal\/wp-content\/uploads\/sites\/17\/2021\/02\/7-300x300.jpg 300w, https:\/\/blog.vera.es\/belenmunicipal\/wp-content\/uploads\/sites\/17\/2021\/02\/7-150x150.jpg 150w, https:\/\/blog.vera.es\/belenmunicipal\/wp-content\/uploads\/sites\/17\/2021\/02\/7-768x768.jpg 768w\" sizes=\"(max-width: 1024px) 100vw, 1024px\" \/><figcaption class=\"wp-element-caption\">Escena 4 del Bel\u00e9n: NACIMIENTO DE JES\u00daS en la gruta.<\/figcaption><\/figure>\n\n\n\n<figure class=\"wp-block-image size-large\"><img loading=\"lazy\" decoding=\"async\" width=\"1024\" height=\"1024\" src=\"https:\/\/blog.vera.es\/belenmunicipal\/wp-content\/uploads\/sites\/17\/2021\/02\/8-1024x1024.jpg\" alt=\"\" class=\"wp-image-151\" srcset=\"https:\/\/blog.vera.es\/belenmunicipal\/wp-content\/uploads\/sites\/17\/2021\/02\/8-1024x1024.jpg 1024w, https:\/\/blog.vera.es\/belenmunicipal\/wp-content\/uploads\/sites\/17\/2021\/02\/8-300x300.jpg 300w, https:\/\/blog.vera.es\/belenmunicipal\/wp-content\/uploads\/sites\/17\/2021\/02\/8-150x150.jpg 150w, https:\/\/blog.vera.es\/belenmunicipal\/wp-content\/uploads\/sites\/17\/2021\/02\/8-768x768.jpg 768w\" sizes=\"(max-width: 1024px) 100vw, 1024px\" \/><figcaption class=\"wp-element-caption\">Escena 5 del Bel\u00e9n: CARAVANA DE LOR REYES MAGOS, con la salida del castillo de Herodes, cruzando un espectacular puente sobre el r\u00edo.<\/figcaption><\/figure>\n\n\n\n<figure class=\"wp-block-image size-large\"><img loading=\"lazy\" decoding=\"async\" width=\"1024\" height=\"1024\" src=\"https:\/\/blog.vera.es\/belenmunicipal\/wp-content\/uploads\/sites\/17\/2021\/02\/9-1024x1024.jpg\" alt=\"\" class=\"wp-image-152\" srcset=\"https:\/\/blog.vera.es\/belenmunicipal\/wp-content\/uploads\/sites\/17\/2021\/02\/9-1024x1024.jpg 1024w, https:\/\/blog.vera.es\/belenmunicipal\/wp-content\/uploads\/sites\/17\/2021\/02\/9-300x300.jpg 300w, https:\/\/blog.vera.es\/belenmunicipal\/wp-content\/uploads\/sites\/17\/2021\/02\/9-150x150.jpg 150w, https:\/\/blog.vera.es\/belenmunicipal\/wp-content\/uploads\/sites\/17\/2021\/02\/9-768x768.jpg 768w\" sizes=\"(max-width: 1024px) 100vw, 1024px\" \/><figcaption class=\"wp-element-caption\">Escena 6 del Bel\u00e9n: LA HUIDA A EGIPTO de San Jos\u00e9, Mar\u00eda y el Ni\u00f1o Jes\u00fas, en la que aparecer\u00e1n ruinas egipcias.<\/figcaption><\/figure>\n\n\n\n<figure class=\"wp-block-image size-large\"><img loading=\"lazy\" decoding=\"async\" width=\"1024\" height=\"1024\" src=\"https:\/\/blog.vera.es\/belenmunicipal\/wp-content\/uploads\/sites\/17\/2021\/02\/11-1024x1024.jpg\" alt=\"\" class=\"wp-image-153\" srcset=\"https:\/\/blog.vera.es\/belenmunicipal\/wp-content\/uploads\/sites\/17\/2021\/02\/11-1024x1024.jpg 1024w, https:\/\/blog.vera.es\/belenmunicipal\/wp-content\/uploads\/sites\/17\/2021\/02\/11-300x300.jpg 300w, https:\/\/blog.vera.es\/belenmunicipal\/wp-content\/uploads\/sites\/17\/2021\/02\/11-150x150.jpg 150w, https:\/\/blog.vera.es\/belenmunicipal\/wp-content\/uploads\/sites\/17\/2021\/02\/11-768x768.jpg 768w\" sizes=\"(max-width: 1024px) 100vw, 1024px\" \/><figcaption class=\"wp-element-caption\">Momento de la grabaci\u00f3n de un reportaje para Canal Sur.<\/figcaption><\/figure>\n\n\n\n<figure class=\"wp-block-image size-large\"><img loading=\"lazy\" decoding=\"async\" width=\"960\" height=\"720\" src=\"https:\/\/blog.vera.es\/belenmunicipal\/wp-content\/uploads\/sites\/17\/2021\/02\/12.jpg\" alt=\"\" class=\"wp-image-154\"\/><figcaption class=\"wp-element-caption\">La concejal de Cultura, Mar\u00eda Manuela Caparr\u00f3s, entrega reconocimiento al belenista Antonio de Haro M\u00e1rquez y a su hijo Jos\u00e9 Manuel, autores del Bel\u00e9n Municipal.<\/figcaption><\/figure>\n<\/div><\/div>\n","protected":false},"excerpt":{"rendered":"<p>La Concejal\u00eda de Cultura del Ayuntamiento de Vera ha puesto en marcha, un a\u00f1o m\u00e1s la elaboraci\u00f3n del Bel\u00e9n Municipal ubicado en el Convento de la Victoria. Una obra de arte realizada de forma artesanal por el reconocido belenista veratense Antonio de Haro M\u00e1rquez, con la colaboraci\u00f3n de Jos\u00e9 Manuel de Haro P\u00e9rez. El dise\u00f1o &hellip; <a href=\"https:\/\/blog.vera.es\/belenmunicipal\/\" class=\"more-link\">Sigue leyendo <span class=\"screen-reader-text\">Bienvenidos al Bel\u00e9n Municipal de Vera<\/span><\/a><\/p>\n","protected":false},"author":35,"featured_media":0,"parent":0,"menu_order":0,"comment_status":"closed","ping_status":"closed","template":"","meta":{"footnotes":""},"class_list":["post-2","page","type-page","status-publish","hentry"],"_links":{"self":[{"href":"https:\/\/blog.vera.es\/belenmunicipal\/wp-json\/wp\/v2\/pages\/2","targetHints":{"allow":["GET"]}}],"collection":[{"href":"https:\/\/blog.vera.es\/belenmunicipal\/wp-json\/wp\/v2\/pages"}],"about":[{"href":"https:\/\/blog.vera.es\/belenmunicipal\/wp-json\/wp\/v2\/types\/page"}],"author":[{"embeddable":true,"href":"https:\/\/blog.vera.es\/belenmunicipal\/wp-json\/wp\/v2\/users\/35"}],"replies":[{"embeddable":true,"href":"https:\/\/blog.vera.es\/belenmunicipal\/wp-json\/wp\/v2\/comments?post=2"}],"version-history":[{"count":57,"href":"https:\/\/blog.vera.es\/belenmunicipal\/wp-json\/wp\/v2\/pages\/2\/revisions"}],"predecessor-version":[{"id":224,"href":"https:\/\/blog.vera.es\/belenmunicipal\/wp-json\/wp\/v2\/pages\/2\/revisions\/224"}],"wp:attachment":[{"href":"https:\/\/blog.vera.es\/belenmunicipal\/wp-json\/wp\/v2\/media?parent=2"}],"curies":[{"name":"wp","href":"https:\/\/api.w.org\/{rel}","templated":true}]}}